{"id":96681,"date":"2024-09-10T07:19:10","date_gmt":"2024-09-10T06:19:10","guid":{"rendered":"https:\/\/bcc.no\/objectifs-et-valeurs\/"},"modified":"2026-09-03T09:50:31","modified_gmt":"2026-09-03T08:50:31","slug":"objectifs-et-valeurs","status":"publish","type":"page","link":"https:\/\/bcc.no\/fr\/a-propos-de-nous\/objectifs-et-valeurs\/","title":{"rendered":"Objectifs et valeurs"},"content":{"rendered":"\n<div class=\"wp-block-group\"><div class=\"wp-block-group__inner-container is-layout-constrained wp-block-group-is-layout-constrained\"><div class=\"yoast-breadcrumbs\"><span><span><a href=\"https:\/\/bcc.no\/fr\/page-daccueil\/\">Page d&rsquo;accueil<\/a><\/span> \/ <span><a href=\"https:\/\/bcc.no\/fr\/a-propos-de-nous\/\">\u00c0 propos de Brunstad Christian Church<\/a><\/span> \/ <span class=\"breadcrumb_last\" aria-current=\"page\"><a href=\"https:\/\/bcc.no\/fr\/a-propos-de-nous\/objectifs-et-valeurs\/\">Objectifs et valeurs<\/a><\/span><\/span><\/div>\n\n\n<h4 class=\"wp-block-heading featuredParagraph\" id=\"under-stevnene-pa-brunstad-har-flere-generasjoner-opplevd-fellesskap-hoytider-og-tatt-viktige-beslutninger-vennskapsband-er-knyttet-pa-tvers-av-kulturer-nasjoner-og-aldersgrupper\">L&rsquo;objectif est bas\u00e9 sur l\u2019ordre missionnaire de l&rsquo;\u00c9vangile de Matthieu, chapitre 28, 18-20.<\/h4>\n\n\n\n<hr class=\"wp-block-separator has-alpha-channel-opacity\"\/>\n<\/div><\/div>\n\n\n\n<div class=\"wp-block-group\"><div class=\"wp-block-group__inner-container is-layout-flow wp-block-group-is-layout-flow\">\n<blockquote class=\"wp-block-quote is-layout-flow wp-block-quote-is-layout-flow\">\n<p class=\"wp-block-paragraph\"><em>\u00ab\u00a0<\/em>Alors J\u00e9sus s&rsquo;est avanc\u00e9 et leur a parl\u00e9 : \u00ab\u00a0J&rsquo;ai re\u00e7u tout pouvoir dans les cieux et sur la terre. Allez donc et faites de toutes les nations des disciples : Baptisez-les au nom du P\u00e8re, du Fils et du Saint-Esprit, et apprenez-leur \u00e0 observer tout ce que je vous ai prescrit. Et voici, je suis avec vous tous les jours, jusqu\u2019\u00e0 la fin du monde.<em>\u00bb<\/em> (Matt. 28, 18-20)<\/p>\n<\/blockquote>\n<\/div><\/div>\n\n\n\n<div class=\"wp-block-group\"><div class=\"wp-block-group__inner-container is-layout-constrained wp-block-group-is-layout-constrained\">\n<h2 class=\"wp-block-heading\">Notre objectif<\/h2>\n\n\n\n<p class=\"wp-block-paragraph\">Les statuts de la f\u00e9d\u00e9ration BCC d\u00e9crivent son objectif. Il s\u2019agit de :<\/p>\n\n\n\n<ul class=\"wp-block-list\">\n<li>Promouvoir la foi chr\u00e9tienne telle que d\u00e9crite dans notre fondement doctrinal parmi tous les gens et de leur apprendre \u00e0 garder tout ce que J\u00e9sus a command\u00e9.<\/li>\n\n\n\n<li>Promouvoir les principes fondamentaux et la visibilit\u00e9 du christianisme dans la soci\u00e9t\u00e9.<\/li>\n\n\n\n<li>Offrir aux enfants et aux jeunes un environnement chr\u00e9tien positif et sain et cr\u00e9er des conditions favorables \u00e0 leur d\u00e9veloppement personnel, spirituel et social.<\/li>\n<\/ul>\n\n\n\n<div class=\"wp-block-buttons is-layout-flex wp-block-buttons-is-layout-flex\">\n<div class=\"wp-block-button\"><a class=\"wp-block-button__link wp-element-button arrow_right_alt\" href=\"https:\/\/bcc.no\/fr\/organisation\/documents-cles\/statuts-constitutifs\/\" rel=\"\">Lire la constitution de BCC<\/a><\/div>\n<\/div>\n<\/div><\/div>\n\n\n\n<div class=\"wp-block-group\"><div class=\"wp-block-group__inner-container is-layout-constrained wp-block-group-is-layout-constrained\">\n<h2 class=\"wp-block-heading\">Nos valeurs<\/h2>\n\n\n\n<div class=\"wp-block-group is-style-faktaboks\"><div class=\"wp-block-group__inner-container is-layout-constrained wp-block-group-is-layout-constrained\">\n<h3 class=\"wp-block-heading\">L&rsquo;amour<\/h3>\n\n\n\n<p class=\"wp-block-paragraph\">L&rsquo;amour est au centre du christianisme. J\u00e9sus a dit\u00a0: Ce que vous avez fait \u00e0 l\u2019un de ces plus petits de mes fr\u00e8res, c\u2019est \u00e0 moi que vous les avez faites.  Faire preuve d&rsquo;amour, d&rsquo;attention et de g\u00e9n\u00e9rosit\u00e9 \u00e0 l&rsquo;\u00e9gard des individus, ind\u00e9pendamment de leurs circonstances et de leur condition de vie, c&rsquo;est donc aimer J\u00e9sus du m\u00eame amour que celui dont il nous a aim\u00e9s. Lorsque l&rsquo;amour pour Lui devient notre force motrice int\u00e9rieure, alors tous les hommes pourront ressentir notre amour.<\/p>\n<\/div><\/div>\n\n\n\n<div class=\"wp-block-group is-style-faktaboks\"><div class=\"wp-block-group__inner-container is-layout-constrained wp-block-group-is-layout-constrained\">\n<h3 class=\"wp-block-heading\">Le respect<\/h3>\n\n\n\n<p class=\"wp-block-paragraph\">En tant que communaut\u00e9 chr\u00e9tienne, BCC respecte pleinement le droit des personnes \u00e0 faire des choix personnels conform\u00e9ment aux droits \u00e9tablis par la soci\u00e9t\u00e9, par exemple en termes de libert\u00e9 religieuse et politique, d&rsquo;orientation sexuelle et de vie familiale.<\/p>\n\n\n\n<p class=\"wp-block-paragraph\">Les attitudes et le comportement du croyant doivent refl\u00e9ter le fait que toutes les personnes sont trait\u00e9es avec respect et estime, ind\u00e9pendamment de leur foi ou de leurs croyances.<\/p>\n<\/div><\/div>\n\n\n\n<div class=\"wp-block-group is-style-faktaboks\"><div class=\"wp-block-group__inner-container is-layout-constrained wp-block-group-is-layout-constrained\">\n<h3 class=\"wp-block-heading\">La justice<\/h3>\n\n\n\n<p class=\"wp-block-paragraph\">Il va de soi qu&rsquo;en tant que chr\u00e9tien, il convient d&rsquo;\u00eatre juste dans les questions d&rsquo;argent et de respecter les lois du pays. C&rsquo;est le point de d\u00e9part d&rsquo;une justice plus profonde, o\u00f9 l&rsquo;on reconna\u00eet que l&rsquo;on est de base un \u00eatre humain \u00e9go\u00efste et o\u00f9 l&rsquo;on peut, par la croix de Christ, rejeter les mauvaises pens\u00e9es et les mauvaises actions. De cette mani\u00e8re, le bien peut cro\u00eetre en nous, et concourir \u00e0 notre bien, au bien de notre prochain et au bien de la soci\u00e9t\u00e9. <\/p>\n<\/div><\/div>\n\n\n\n<div class=\"wp-block-group is-style-faktaboks\"><div class=\"wp-block-group__inner-container is-layout-constrained wp-block-group-is-layout-constrained\">\n<h3 class=\"wp-block-heading\">La fid\u00e9lit\u00e9<\/h3>\n\n\n\n<p class=\"wp-block-paragraph\">La fid\u00e9lit\u00e9 se manifeste \u00e0 travers notre relation avec Dieu, mais elle se refl\u00e8te \u00e9galement dans nos relations avec les autres et dans nos engagements. En tant que croyants, nous cherchons toujours \u00e0 nous assurer que ceux-ci sont en harmonie avec la parole de Dieu. BCC accorde une grande importance \u00e0 la d\u00e9termination et \u00e0 la pers\u00e9v\u00e9rance dans la foi, car elles conduisent les personnes vers une vie de croissance et de d\u00e9veloppement.<\/p>\n<\/div><\/div>\n\n\n\n<div class=\"wp-block-buttons is-layout-flex wp-block-buttons-is-layout-flex\"><\/div>\n\n\n\n<\/div><\/div>\n\n\n\n<p class=\"wp-block-paragraph\"><\/p>\n\n","protected":false},"excerpt":{"rendered":"<p>L&rsquo;objectif est bas\u00e9 sur l\u2019ordre missionnaire de l&rsquo;\u00c9vangile de Matthieu, chapitre 28, 18-20. \u00ab\u00a0Alors J\u00e9sus s&rsquo;est avanc\u00e9 et leur a parl\u00e9 : \u00ab\u00a0J&rsquo;ai re\u00e7u tout pouvoir dans les cieux et sur la terre. Allez donc et faites de toutes les nations des disciples : Baptisez-les au nom du P\u00e8re, du Fils et du Saint-Esprit, et [&hellip;]<\/p>\n","protected":false},"author":6,"featured_media":95599,"parent":96705,"menu_order":0,"comment_status":"closed","ping_status":"closed","template":"","meta":{"_acf_changed":false,"inline_featured_image":false,"_uag_custom_page_level_css":"","bcc_login_visibility":0,"bcc_groups":[],"bcc_groups_email":true,"bcc_visibility_groups":[],"bcc_visibility_groups_email":false,"sent_notifications":[],"footnotes":"","_links_to":"","_links_to_target":""},"class_list":["post-96681","page","type-page","status-publish","has-post-thumbnail","hentry"],"acf":{"translation_stage":"translation_ready","target_languages":[],"rss_image":null},"featured_image_src":"https:\/\/bcc.no\/wp-content\/uploads\/2024\/09\/Banner_Formal-og-Verdier_03.jpg","yoast_head":"<!-- This site is optimized with the Yoast SEO plugin v28.3 - https:\/\/yoast.com\/product\/yoast-seo-wordpress\/ -->\n<title>Objectifs et valeurs<\/title>\n<meta name=\"description\" content=\"L&#039;objectif et les valeurs de BCC reposent sur l&#039;amour, le respect et la justice, afin de promouvoir une foi saine et inclusive.\" \/>\n<meta name=\"robots\" content=\"index, follow, max-snippet:-1, max-image-preview:large, max-video-preview:-1\" \/>\n<link rel=\"canonical\" href=\"https:\/\/bcc.no\/fr\/a-propos-de-nous\/objectifs-et-valeurs\/\" \/>\n<meta property=\"og:locale\" content=\"fr_FR\" \/>\n<meta property=\"og:type\" content=\"article\" \/>\n<meta property=\"og:title\" content=\"Objectifs et valeurs\" \/>\n<meta property=\"og:description\" content=\"L&#039;objectif et les valeurs de BCC reposent sur l&#039;amour, le respect et la justice, afin de promouvoir une foi saine et inclusive.\" \/>\n<meta property=\"og:url\" content=\"https:\/\/bcc.no\/fr\/a-propos-de-nous\/objectifs-et-valeurs\/\" \/>\n<meta property=\"og:site_name\" content=\"BCC\" \/>\n<meta property=\"article:modified_time\" content=\"2026-09-03T08:50:31+00:00\" \/>\n<meta property=\"og:image\" content=\"https:\/\/bcc.no\/wp-content\/uploads\/2024\/09\/Banner_Formal-og-Verdier_03.jpg\" \/>\n\t<meta property=\"og:image:width\" content=\"2520\" \/>\n\t<meta property=\"og:image:height\" content=\"1080\" \/>\n\t<meta property=\"og:image:type\" content=\"image\/jpeg\" \/>\n<meta name=\"twitter:card\" content=\"summary_large_image\" \/>\n<meta name=\"twitter:label1\" content=\"Dur\u00e9e de lecture estim\u00e9e\" \/>\n\t<meta name=\"twitter:data1\" content=\"3 minutes\" \/>\n<script type=\"application\/ld+json\" class=\"yoast-schema-graph\">{\"@context\":\"https:\\\/\\\/schema.org\",\"@graph\":[{\"@type\":\"WebPage\",\"@id\":\"https:\\\/\\\/bcc.no\\\/fr\\\/a-propos-de-nous\\\/objectifs-et-valeurs\\\/\",\"url\":\"https:\\\/\\\/bcc.no\\\/fr\\\/a-propos-de-nous\\\/objectifs-et-valeurs\\\/\",\"name\":\"Objectifs et valeurs\",\"isPartOf\":{\"@id\":\"https:\\\/\\\/bcc.no\\\/fr\\\/#website\"},\"primaryImageOfPage\":{\"@id\":\"https:\\\/\\\/bcc.no\\\/fr\\\/a-propos-de-nous\\\/objectifs-et-valeurs\\\/#primaryimage\"},\"image\":{\"@id\":\"https:\\\/\\\/bcc.no\\\/fr\\\/a-propos-de-nous\\\/objectifs-et-valeurs\\\/#primaryimage\"},\"thumbnailUrl\":\"https:\\\/\\\/bcc.no\\\/wp-content\\\/uploads\\\/2024\\\/09\\\/Banner_Formal-og-Verdier_03.jpg\",\"datePublished\":\"2024-09-10T06:19:10+00:00\",\"dateModified\":\"2026-09-03T08:50:31+00:00\",\"description\":\"L'objectif et les valeurs de BCC reposent sur l'amour, le respect et la justice, afin de promouvoir une foi saine et inclusive.\",\"breadcrumb\":{\"@id\":\"https:\\\/\\\/bcc.no\\\/fr\\\/a-propos-de-nous\\\/objectifs-et-valeurs\\\/#breadcrumb\"},\"inLanguage\":\"fr-FR\",\"potentialAction\":[{\"@type\":\"ReadAction\",\"target\":[\"https:\\\/\\\/bcc.no\\\/fr\\\/a-propos-de-nous\\\/objectifs-et-valeurs\\\/\"]}]},{\"@type\":\"ImageObject\",\"inLanguage\":\"fr-FR\",\"@id\":\"https:\\\/\\\/bcc.no\\\/fr\\\/a-propos-de-nous\\\/objectifs-et-valeurs\\\/#primaryimage\",\"url\":\"https:\\\/\\\/bcc.no\\\/wp-content\\\/uploads\\\/2024\\\/09\\\/Banner_Formal-og-Verdier_03.jpg\",\"contentUrl\":\"https:\\\/\\\/bcc.no\\\/wp-content\\\/uploads\\\/2024\\\/09\\\/Banner_Formal-og-Verdier_03.jpg\",\"width\":2520,\"height\":1080},{\"@type\":\"BreadcrumbList\",\"@id\":\"https:\\\/\\\/bcc.no\\\/fr\\\/a-propos-de-nous\\\/objectifs-et-valeurs\\\/#breadcrumb\",\"itemListElement\":[{\"@type\":\"ListItem\",\"position\":1,\"name\":\"Page d'accueil\",\"item\":\"https:\\\/\\\/bcc.no\\\/fr\\\/page-daccueil\\\/\"},{\"@type\":\"ListItem\",\"position\":2,\"name\":\"\u00c0 propos de Brunstad Christian Church\",\"item\":\"https:\\\/\\\/bcc.no\\\/fr\\\/a-propos-de-nous\\\/\"},{\"@type\":\"ListItem\",\"position\":3,\"name\":\"Objectifs et valeurs\"}]},{\"@type\":\"WebSite\",\"@id\":\"https:\\\/\\\/bcc.no\\\/fr\\\/#website\",\"url\":\"https:\\\/\\\/bcc.no\\\/fr\\\/\",\"name\":\"BCC\",\"description\":\"et internasjonalt trossamfunn\",\"publisher\":{\"@id\":\"https:\\\/\\\/bcc.no\\\/fr\\\/#organization\"},\"potentialAction\":[{\"@type\":\"SearchAction\",\"target\":{\"@type\":\"EntryPoint\",\"urlTemplate\":\"https:\\\/\\\/bcc.no\\\/fr\\\/?s={search_term_string}\"},\"query-input\":{\"@type\":\"PropertyValueSpecification\",\"valueRequired\":true,\"valueName\":\"search_term_string\"}}],\"inLanguage\":\"fr-FR\"},{\"@type\":\"Organization\",\"@id\":\"https:\\\/\\\/bcc.no\\\/fr\\\/#organization\",\"name\":\"BCC\",\"url\":\"https:\\\/\\\/bcc.no\\\/fr\\\/\",\"logo\":{\"@type\":\"ImageObject\",\"inLanguage\":\"fr-FR\",\"@id\":\"https:\\\/\\\/bcc.no\\\/fr\\\/#\\\/schema\\\/logo\\\/image\\\/\",\"url\":\"https:\\\/\\\/bcc.no\\\/wp-content\\\/uploads\\\/2026\\\/04\\\/bcc_logo_full.svg\",\"contentUrl\":\"https:\\\/\\\/bcc.no\\\/wp-content\\\/uploads\\\/2026\\\/04\\\/bcc_logo_full.svg\",\"caption\":\"BCC\"},\"image\":{\"@id\":\"https:\\\/\\\/bcc.no\\\/fr\\\/#\\\/schema\\\/logo\\\/image\\\/\"}}]}<\/script>\n<!-- \/ Yoast SEO plugin. -->","yoast_head_json":{"title":"Objectifs et valeurs","description":"L'objectif et les valeurs de BCC reposent sur l'amour, le respect et la justice, afin de promouvoir une foi saine et inclusive.","robots":{"index":"index","follow":"follow","max-snippet":"max-snippet:-1","max-image-preview":"max-image-preview:large","max-video-preview":"max-video-preview:-1"},"canonical":"https:\/\/bcc.no\/fr\/a-propos-de-nous\/objectifs-et-valeurs\/","og_locale":"fr_FR","og_type":"article","og_title":"Objectifs et valeurs","og_description":"L'objectif et les valeurs de BCC reposent sur l'amour, le respect et la justice, afin de promouvoir une foi saine et inclusive.","og_url":"https:\/\/bcc.no\/fr\/a-propos-de-nous\/objectifs-et-valeurs\/","og_site_name":"BCC","article_modified_time":"2026-09-03T08:50:31+00:00","og_image":[{"width":2520,"height":1080,"url":"https:\/\/bcc.no\/wp-content\/uploads\/2024\/09\/Banner_Formal-og-Verdier_03.jpg","type":"image\/jpeg"}],"twitter_card":"summary_large_image","twitter_misc":{"Dur\u00e9e de lecture estim\u00e9e":"3 minutes"},"schema":{"@context":"https:\/\/schema.org","@graph":[{"@type":"WebPage","@id":"https:\/\/bcc.no\/fr\/a-propos-de-nous\/objectifs-et-valeurs\/","url":"https:\/\/bcc.no\/fr\/a-propos-de-nous\/objectifs-et-valeurs\/","name":"Objectifs et valeurs","isPartOf":{"@id":"https:\/\/bcc.no\/fr\/#website"},"primaryImageOfPage":{"@id":"https:\/\/bcc.no\/fr\/a-propos-de-nous\/objectifs-et-valeurs\/#primaryimage"},"image":{"@id":"https:\/\/bcc.no\/fr\/a-propos-de-nous\/objectifs-et-valeurs\/#primaryimage"},"thumbnailUrl":"https:\/\/bcc.no\/wp-content\/uploads\/2024\/09\/Banner_Formal-og-Verdier_03.jpg","datePublished":"2024-09-10T06:19:10+00:00","dateModified":"2026-09-03T08:50:31+00:00","description":"L'objectif et les valeurs de BCC reposent sur l'amour, le respect et la justice, afin de promouvoir une foi saine et inclusive.","breadcrumb":{"@id":"https:\/\/bcc.no\/fr\/a-propos-de-nous\/objectifs-et-valeurs\/#breadcrumb"},"inLanguage":"fr-FR","potentialAction":[{"@type":"ReadAction","target":["https:\/\/bcc.no\/fr\/a-propos-de-nous\/objectifs-et-valeurs\/"]}]},{"@type":"ImageObject","inLanguage":"fr-FR","@id":"https:\/\/bcc.no\/fr\/a-propos-de-nous\/objectifs-et-valeurs\/#primaryimage","url":"https:\/\/bcc.no\/wp-content\/uploads\/2024\/09\/Banner_Formal-og-Verdier_03.jpg","contentUrl":"https:\/\/bcc.no\/wp-content\/uploads\/2024\/09\/Banner_Formal-og-Verdier_03.jpg","width":2520,"height":1080},{"@type":"BreadcrumbList","@id":"https:\/\/bcc.no\/fr\/a-propos-de-nous\/objectifs-et-valeurs\/#breadcrumb","itemListElement":[{"@type":"ListItem","position":1,"name":"Page d'accueil","item":"https:\/\/bcc.no\/fr\/page-daccueil\/"},{"@type":"ListItem","position":2,"name":"\u00c0 propos de Brunstad Christian Church","item":"https:\/\/bcc.no\/fr\/a-propos-de-nous\/"},{"@type":"ListItem","position":3,"name":"Objectifs et valeurs"}]},{"@type":"WebSite","@id":"https:\/\/bcc.no\/fr\/#website","url":"https:\/\/bcc.no\/fr\/","name":"BCC","description":"et internasjonalt trossamfunn","publisher":{"@id":"https:\/\/bcc.no\/fr\/#organization"},"potentialAction":[{"@type":"SearchAction","target":{"@type":"EntryPoint","urlTemplate":"https:\/\/bcc.no\/fr\/?s={search_term_string}"},"query-input":{"@type":"PropertyValueSpecification","valueRequired":true,"valueName":"search_term_string"}}],"inLanguage":"fr-FR"},{"@type":"Organization","@id":"https:\/\/bcc.no\/fr\/#organization","name":"BCC","url":"https:\/\/bcc.no\/fr\/","logo":{"@type":"ImageObject","inLanguage":"fr-FR","@id":"https:\/\/bcc.no\/fr\/#\/schema\/logo\/image\/","url":"https:\/\/bcc.no\/wp-content\/uploads\/2026\/04\/bcc_logo_full.svg","contentUrl":"https:\/\/bcc.no\/wp-content\/uploads\/2026\/04\/bcc_logo_full.svg","caption":"BCC"},"image":{"@id":"https:\/\/bcc.no\/fr\/#\/schema\/logo\/image\/"}}]}},"uagb_featured_image_src":{"full":["https:\/\/bcc.no\/wp-content\/uploads\/2024\/09\/Banner_Formal-og-Verdier_03.jpg",2520,1080,false],"thumbnail":["https:\/\/bcc.no\/wp-content\/uploads\/2024\/09\/Banner_Formal-og-Verdier_03-150x150.jpg",150,150,true],"medium":["https:\/\/bcc.no\/wp-content\/uploads\/2024\/09\/Banner_Formal-og-Verdier_03-300x129.jpg",300,129,true],"medium_large":["https:\/\/bcc.no\/wp-content\/uploads\/2024\/09\/Banner_Formal-og-Verdier_03-768x329.jpg",640,274,true],"large":["https:\/\/bcc.no\/wp-content\/uploads\/2024\/09\/Banner_Formal-og-Verdier_03-1024x439.jpg",640,274,true],"1536x1536":["https:\/\/bcc.no\/wp-content\/uploads\/2024\/09\/Banner_Formal-og-Verdier_03-1536x658.jpg",1536,658,true],"2048x2048":["https:\/\/bcc.no\/wp-content\/uploads\/2024\/09\/Banner_Formal-og-Verdier_03-2048x878.jpg",2048,878,true]},"uagb_author_info":{"display_name":"Mathias Strand Kristiansen","author_link":"https:\/\/bcc.no\/fr\/author\/22801\/"},"uagb_comment_info":0,"uagb_excerpt":"L&rsquo;objectif est bas\u00e9 sur l\u2019ordre missionnaire de l&rsquo;\u00c9vangile de Matthieu, chapitre 28, 18-20. \u00ab\u00a0Alors J\u00e9sus s&rsquo;est avanc\u00e9 et leur a parl\u00e9 : \u00ab\u00a0J&rsquo;ai re\u00e7u tout pouvoir dans les cieux et sur la terre. Allez donc et faites de toutes les nations des disciples : Baptisez-les au nom du P\u00e8re, du Fils et du Saint-Esprit, et\u2026","_links":{"self":[{"href":"https:\/\/bcc.no\/fr\/wp-json\/wp\/v2\/pages\/96681","targetHints":{"allow":["GET"]}}],"collection":[{"href":"https:\/\/bcc.no\/fr\/wp-json\/wp\/v2\/pages"}],"about":[{"href":"https:\/\/bcc.no\/fr\/wp-json\/wp\/v2\/types\/page"}],"author":[{"embeddable":true,"href":"https:\/\/bcc.no\/fr\/wp-json\/wp\/v2\/users\/6"}],"replies":[{"embeddable":true,"href":"https:\/\/bcc.no\/fr\/wp-json\/wp\/v2\/comments?post=96681"}],"version-history":[{"count":11,"href":"https:\/\/bcc.no\/fr\/wp-json\/wp\/v2\/pages\/96681\/revisions"}],"predecessor-version":[{"id":130977,"href":"https:\/\/bcc.no\/fr\/wp-json\/wp\/v2\/pages\/96681\/revisions\/130977"}],"up":[{"embeddable":true,"href":"https:\/\/bcc.no\/fr\/wp-json\/wp\/v2\/pages\/96705"}],"wp:featuredmedia":[{"embeddable":true,"href":"https:\/\/bcc.no\/fr\/wp-json\/wp\/v2\/media\/95599"}],"wp:attachment":[{"href":"https:\/\/bcc.no\/fr\/wp-json\/wp\/v2\/media?parent=96681"}],"curies":[{"name":"wp","href":"https:\/\/api.w.org\/{rel}","templated":true}]}}