{"id":97423,"date":"2024-09-09T12:52:01","date_gmt":"2024-09-09T11:52:01","guid":{"rendered":"https:\/\/bcc.no\/startseite\/"},"modified":"2026-04-15T12:04:44","modified_gmt":"2026-04-15T11:04:44","slug":"startseite","status":"publish","type":"page","link":"https:\/\/bcc.no\/de\/","title":{"rendered":"Startseite"},"content":{"rendered":"\n<section class=\"wp-block-group news\"><div class=\"wp-block-group__inner-container is-layout-flow wp-block-group-is-layout-flow\">\n    \n                    <article id=\"post-147136\" class=\"article featured has-image\">\n                <div class=\"article-card no-content\">No post available.<\/div>            <\/article>\n\n        \n    \n                    <!-- Open news-grid if this is the first grid article -->\n                            <div class=\"news-grid\">\n                \n                <!-- Grid article -->\n                <article id=\"post-146996\" class=\"article has-image\">\n                    <div class=\"article-card no-content\">No post available.<\/div>                <\/article>\n\n                <!-- Close news-grid if this is the last article -->\n                        \n    \n                    <!-- Open news-grid if this is the first grid article -->\n            \n                <!-- Grid article -->\n                <article id=\"post-146868\" class=\"article has-image\">\n                    <div class=\"article-card no-content\">No post available.<\/div>                <\/article>\n\n                <!-- Close news-grid if this is the last article -->\n                        \n    \n                    <!-- Open news-grid if this is the first grid article -->\n            \n                <!-- Grid article -->\n                <article id=\"post-145280\" class=\"article has-image\">\n                    <div class=\"article-card no-content\">No post available.<\/div>                <\/article>\n\n                <!-- Close news-grid if this is the last article -->\n                                <\/div>\n                    \n    \n\n\n<div class=\"wp-block-buttons is-content-justification-center is-vertical is-layout-flex wp-container-core-buttons-is-layout-9a7cdcfd wp-block-buttons-is-layout-flex\">\n<div class=\"wp-block-button is-style-read-more\"><a class=\"wp-block-button__link wp-element-button arrow_right_alt\" href=\"https:\/\/bcc.no\/de\/aktuelles\/\" rel=\"\">Weitere Artikel<\/a><\/div>\n<\/div>\n<\/div><\/section>\n\n\n\n\n\n<section class=\"wp-block-group newsfeeds bg-brand-50\"><div class=\"wp-block-group__inner-container is-layout-constrained wp-block-group-is-layout-constrained\">\n<h2 class=\"wp-block-heading has-text-align-center is-style-full-width\">Von kooperierenden Organisationen<\/h2>\n\n\n<bcc-newsfeed-public language=\"de\"><\/bcc-newsfeed-public><script src=\"https:\/\/widgets.bcc.no\/scripts\/main.js\" type=\"module\"><\/script>\n\n<\/div><\/section>\n\n\n\n<div class=\"wp-block-cover world-map\"><img loading=\"lazy\" decoding=\"async\" width=\"1440\" height=\"800\" class=\"wp-block-cover__image-background wp-image-94361\" alt=\"\" src=\"https:\/\/bcc.no\/wp-content\/uploads\/2024\/09\/map-section.jpg\" data-object-fit=\"cover\"\/><span aria-hidden=\"true\" class=\"wp-block-cover__background has-background-dim-30 has-background-dim\"><\/span><div class=\"wp-block-cover__inner-container is-layout-flow wp-block-cover-is-layout-flow\">\n<h2 class=\"wp-block-heading\" id=\"10-oversikt-over-bccs-menigheter-\"><strong>\u00dcbersicht \u00fcber die BCC-Gemeinden<\/strong><\/h2>\n\n\n\n<p>BCC ist auf allen Kontinenten vertreten &#8211; mit Glaubensgeschwistern in fast 50 L\u00e4ndern<\/p>\n\n\n\n<div class=\"wp-block-buttons is-layout-flex wp-block-buttons-is-layout-flex\">\n<div class=\"wp-block-button is-style-read-more\"><a class=\"wp-block-button__link wp-element-button arrow_right_alt\" href=\"https:\/\/bcc.no\/organisering\/vare-menigheter\/\" rel=\"\">Eine Gemeinde finden<\/a><\/div>\n<\/div>\n<\/div><\/div>\n\n\n\n<section class=\"wp-block-group initiatives\"><div class=\"wp-block-group__inner-container is-layout-flow wp-block-group-is-layout-flow\">\n<h2 class=\"wp-block-heading\" id=\"1-v%C3%A5re-satsinger\">Unsere Initiativen<\/h2>\n\n\n\n<p class=\"has-text-align-center\">Was wir zur Erf\u00fcllung des Missionsbefehls tun<\/p>\n\n\n\n<p><\/p>\n\n\n\n<div class=\"wp-block-group\"><div class=\"wp-block-group__inner-container is-layout-constrained wp-block-group-is-layout-constrained\">\n<div class=\"wp-block-cover is-light has-background-dark\" style=\"min-height:120px;aspect-ratio:unset;\"><span aria-hidden=\"true\" class=\"wp-block-cover__background has-background-dim-100 has-background-dim\" style=\"background-color:#f3f1e1\"><\/span><div class=\"wp-block-cover__inner-container is-layout-flow wp-block-cover-is-layout-flow\">\n<figure class=\"wp-block-image size-large is-resized\"><img decoding=\"async\" src=\"https:\/\/bcc.no\/wp-content\/uploads\/2024\/07\/media.svg\" alt=\"\" style=\"object-fit:cover;width:40px;height:40px\"\/><\/figure>\n\n\n\n<h3 class=\"wp-block-heading\" id=\"2-media\">Media<\/h3>\n\n\n\n<p>Produziert Medieninhalte f\u00fcr Camps, Konferenzen, Bibelstudien und die Sonntagsschule.<\/p>\n\n\n\n<div class=\"wp-block-buttons is-layout-flex wp-block-buttons-is-layout-flex\">\n<div class=\"wp-block-button\"><a class=\"wp-block-button__link wp-element-button open_in_new\" rel=\"\">Weiterlesen<\/a><\/div>\n<\/div>\n\n\n\n<a href=\"https:\/\/bcc.media\/\" class=\"overlay-link plausible-event-name=Initiatives:+click+on+Media\" target=\"_blank\" rel=\"noopener\"><\/a>\n<\/div><\/div>\n\n\n\n<div class=\"wp-block-cover is-light has-background-dark\" style=\"min-height:120px;aspect-ratio:unset;\"><span aria-hidden=\"true\" class=\"wp-block-cover__background has-background-dim-100 has-background-dim\" style=\"background-color:#ffe9d4\"><\/span><div class=\"wp-block-cover__inner-container is-layout-flow wp-block-cover-is-layout-flow\">\n<figure class=\"wp-block-image size-large is-resized\"><img decoding=\"async\" src=\"https:\/\/bcc.no\/wp-content\/uploads\/2024\/07\/music.svg\" alt=\"\" style=\"object-fit:cover;width:40px;height:40px\"\/><\/figure>\n\n\n\n<h3 class=\"wp-block-heading\" id=\"3-musikk\">Musik<\/h3>\n\n\n\n<p>Produziert Musik f\u00fcr Veranstaltungen, Medieninhalte und Missionsarbeit.<\/p>\n\n\n\n<div class=\"wp-block-buttons is-layout-flex wp-block-buttons-is-layout-flex\">\n<div class=\"wp-block-button\"><a class=\"wp-block-button__link wp-element-button open_in_new\" rel=\"\">Weiterlesen<\/a><\/div>\n<\/div>\n\n\n\n<a href=\"https:\/\/music.bcc.no\/\" class=\"overlay-link plausible-event-name=Initiatives:+click+on+Music\" target=\"_blank\" rel=\"noopener\"><\/a>\n<\/div><\/div>\n\n\n\n<div class=\"wp-block-cover is-light has-background-dark\" style=\"min-height:120px;aspect-ratio:unset;\"><span aria-hidden=\"true\" class=\"wp-block-cover__background has-background-dim-100 has-background-dim\" style=\"background-color:#ffcfa9\"><\/span><div class=\"wp-block-cover__inner-container is-layout-flow wp-block-cover-is-layout-flow\">\n<figure class=\"wp-block-image size-large is-resized\"><img decoding=\"async\" src=\"https:\/\/bcc.no\/wp-content\/uploads\/2024\/07\/children-and-youth.svg\" alt=\"\" style=\"object-fit:cover;width:40px;height:40px\"\/><\/figure>\n\n\n\n<h3 class=\"wp-block-heading\" id=\"4-barn-og-ungdom\">Kinder und Jugend<\/h3>\n\n\n\n<p>W\u00f6chentliche Aktivit\u00e4ten f\u00fcr Kinder und Jugendliche werden als umfangreiche ehrenamtliche Arbeit in verschiedenen Vereinen durchgef\u00fchrt.<\/p>\n\n\n\n<div class=\"wp-block-buttons is-layout-flex wp-block-buttons-is-layout-flex\">\n<div class=\"wp-block-button\"><a class=\"wp-block-button__link wp-element-button open_in_new\" rel=\"\">Weiterlesen<\/a><\/div>\n<\/div>\n\n\n\n<a href=\"https:\/\/bcc.no\/de\/organisation\/assoziierte-organisationen\/\" class=\"overlay-link plausible-event-name=Initiatives:+click+on+Children+and+youth\"><\/a>\n<\/div><\/div>\n\n\n\n<div class=\"wp-block-cover is-light has-background-dark\" style=\"min-height:120px;aspect-ratio:unset;\"><span aria-hidden=\"true\" class=\"wp-block-cover__background has-background-dim-100 has-background-dim\" style=\"background-color:#dbbeac\"><\/span><div class=\"wp-block-cover__inner-container is-layout-flow wp-block-cover-is-layout-flow\">\n<figure class=\"wp-block-image size-large is-resized\"><img decoding=\"async\" src=\"https:\/\/bcc.no\/wp-content\/uploads\/2024\/07\/live-stream.svg\" alt=\"\" style=\"object-fit:cover;width:40px;height:40px\"\/><\/figure>\n\n\n\n<h3 class=\"wp-block-heading\" id=\"5-live-stream\">Live-Stream<\/h3>\n\n\n\n<p>Live-Streaming von Konferenzen und Veranstaltungen.<\/p>\n\n\n\n<div class=\"wp-block-buttons is-layout-flex wp-block-buttons-is-layout-flex\">\n<div class=\"wp-block-button\"><a class=\"wp-block-button__link wp-element-button open_in_new\" rel=\"\">Weiterlesen<\/a><\/div>\n<\/div>\n\n\n\n<a href=\"https:\/\/live.bcc-connect.org\/live\" class=\"overlay-link plausible-event-name=Initiatives:+click+on+Live+stream\" target=\"_blank\" rel=\"noopener\"><\/a>\n<\/div><\/div>\n\n\n\n<div class=\"wp-block-cover is-light has-background-dark\" style=\"min-height:120px;aspect-ratio:unset;\"><span aria-hidden=\"true\" class=\"wp-block-cover__background has-background-dim-100 has-background-dim\" style=\"background-color:#d8efe5\"><\/span><div class=\"wp-block-cover__inner-container is-layout-flow wp-block-cover-is-layout-flow\">\n<figure class=\"wp-block-image size-large is-resized\"><img decoding=\"async\" src=\"https:\/\/bcc.no\/wp-content\/uploads\/2024\/07\/event.svg\" alt=\"\" style=\"object-fit:cover;width:40px;height:40px\"\/><\/figure>\n\n\n\n<h3 class=\"wp-block-heading\" id=\"6-event\">Event<\/h3>\n\n\n\n<p>Planung internationaler Konferenzen und Camps f\u00fcr die evangelische Freikirche.<\/p>\n\n\n\n<div class=\"wp-block-buttons is-layout-flex wp-block-buttons-is-layout-flex\">\n<div class=\"wp-block-button\"><a class=\"wp-block-button__link wp-element-button open_in_new\" rel=\"\">Weiterlesen<\/a><\/div>\n<\/div>\n\n\n\n<a href=\"https:\/\/event.bcc.no\/\" class=\"overlay-link plausible-event-name=Initiatives:+click+on+Event\" target=\"_blank\" rel=\"noopener\"><\/a>\n<\/div><\/div>\n\n\n\n<div class=\"wp-block-cover is-light has-background-dark\" style=\"min-height:120px;aspect-ratio:unset;\"><span aria-hidden=\"true\" class=\"wp-block-cover__background has-background-dim-100 has-background-dim\" style=\"background-color:#e5e1c3\"><\/span><div class=\"wp-block-cover__inner-container is-layout-flow wp-block-cover-is-layout-flow\">\n<figure class=\"wp-block-image size-large is-resized\"><img decoding=\"async\" src=\"https:\/\/bcc.no\/wp-content\/uploads\/2024\/07\/a-team.svg\" alt=\"\" style=\"object-fit:cover;width:40px;height:40px\"\/><\/figure>\n\n\n\n<h3 class=\"wp-block-heading\" id=\"7-a-team\">A-Team<\/h3>\n\n\n\n<p>Einj\u00e4hriges Jugendprogramm mit Bibelunterricht, kulturellem Austausch und Arbeitsm\u00f6glichkeiten.<\/p>\n\n\n\n<div class=\"wp-block-buttons is-layout-flex wp-block-buttons-is-layout-flex\">\n<div class=\"wp-block-button\"><a class=\"wp-block-button__link wp-element-button open_in_new\" rel=\"\">Weiterlesen<\/a><\/div>\n<\/div>\n\n\n\n<a href=\"https:\/\/ateam.bcc.no\/\" class=\"overlay-link plausible-event-name=Initiatives:+click+on+A-team\" target=\"_blank\" rel=\"noopener\"><\/a>\n<\/div><\/div>\n\n\n\n<div class=\"wp-block-cover is-light has-background-dark\" style=\"min-height:120px;aspect-ratio:unset;\"><span aria-hidden=\"true\" class=\"wp-block-cover__background has-background-dim-100 has-background-dim\" style=\"background-color:#d5cd9c\"><\/span><div class=\"wp-block-cover__inner-container is-layout-flow wp-block-cover-is-layout-flow\">\n<figure class=\"wp-block-image size-large is-resized\"><img decoding=\"async\" src=\"https:\/\/bcc.no\/wp-content\/uploads\/2024\/07\/mission.svg\" alt=\"\" style=\"object-fit:cover;width:40px;height:40px\"\/><\/figure>\n\n\n\n<h3 class=\"wp-block-heading\" id=\"8-misjon\">Mission<\/h3>\n\n\n\n<p>Missionsorganisation, die Missionseinrichtungen und -projekte auf der ganzen Welt betreibt und unterst\u00fctzt.<\/p>\n\n\n\n<div class=\"wp-block-buttons is-layout-flex wp-block-buttons-is-layout-flex\">\n<div class=\"wp-block-button\"><a class=\"wp-block-button__link wp-element-button open_in_new\" rel=\"\">Weiterlesen<\/a><\/div>\n<\/div>\n\n\n\n<a href=\"https:\/\/bms-intl.org\/\" class=\"overlay-link plausible-event-name=Initiatives:+click+on+Missions\" target=\"_blank\" rel=\"noopener\"><\/a>\n<\/div><\/div>\n\n\n\n<div class=\"wp-block-cover is-light has-background-dark\" style=\"min-height:120px;aspect-ratio:unset;\"><span aria-hidden=\"true\" class=\"wp-block-cover__background has-background-dim-100 has-background-dim\" style=\"background-color:#e4d9c4\"><\/span><div class=\"wp-block-cover__inner-container is-layout-flow wp-block-cover-is-layout-flow\">\n<figure class=\"wp-block-image size-large is-resized\"><img decoding=\"async\" src=\"https:\/\/bcc.no\/wp-content\/uploads\/2024\/07\/fond.svg\" alt=\"\" style=\"object-fit:cover;width:40px;height:40px\"\/><\/figure>\n\n\n\n<h3 class=\"wp-block-heading\" id=\"9-fond\">Fond<\/h3>\n\n\n\n<p>Langfristige Verwirklichung der Zielsetzung durch Verwaltung von Kapital und Aussch\u00fcttungen.<\/p>\n\n\n\n<div class=\"wp-block-buttons editorskit-no-desktop editorskit-no-tablet editorskit-no-mobile is-layout-flex wp-block-buttons-is-layout-flex\">\n<div class=\"wp-block-button\"><a class=\"wp-block-button__link wp-element-button open_in_new\" rel=\"\">Weiterlesen<\/a><\/div>\n<\/div>\n\n\n\n<a href=\"https:\/\/bcc.fund\/\" class=\"overlay-link plausible-event-name=Initiatives:+click+on+Fund\" target=\"_blank\" rel=\"noopener\"><\/a>\n<\/div><\/div>\n<\/div><\/div>\n<\/div><\/section>\n\n\n\n\n\n<section class=\"wp-block-group resources\"><div class=\"wp-block-group__inner-container is-layout-flow wp-block-group-is-layout-flow\">\n<div class=\"wp-block-group custom-block-header\"><div class=\"wp-block-group__inner-container is-layout-constrained wp-block-group-is-layout-constrained\">\n<h2 class=\"wp-block-heading\" id=\"12-ressurser\">Webseiten<\/h2>\n\n\n\n<div class=\"wp-block-buttons alignfull is-style-full-width is-content-justification-right is-layout-flex wp-container-core-buttons-is-layout-765c4724 wp-block-buttons-is-layout-flex\">\n<div class=\"wp-block-button is-style-read-more\"><a class=\"wp-block-button__link wp-element-button arrow_right_alt\" href=\"https:\/\/bcc.no\/de\/ressourcen\/\" rel=\"\">Alle Webseiten<\/a><\/div>\n<\/div>\n<\/div><\/div>\n\n\n\n<div class=\"wp-block-group custom-block-content is-style-default\"><div class=\"wp-block-group__inner-container is-layout-constrained wp-block-group-is-layout-constrained\">\n<div class=\"wp-block-cover has-background-dark\" style=\"min-height:100px;aspect-ratio:unset;\"><img loading=\"lazy\" decoding=\"async\" width=\"2045\" height=\"498\" class=\"wp-block-cover__image-background wp-image-144415 size-large\" alt=\"\" src=\"https:\/\/bcc.no\/wp-content\/uploads\/2026\/02\/hidden-treasures-e1770194927368.png\" data-object-fit=\"cover\"\/><span aria-hidden=\"true\" class=\"wp-block-cover__background has-background-dim-0 has-background-dim\"><\/span><div class=\"wp-block-cover__inner-container is-layout-flow wp-block-cover-is-layout-flow\">\n<a href=\"https:\/\/www.youtube.com\/@TreasuresofSanctification\" class=\"overlay-link plausible-event-name=Resources:+click+on+Hidden+Treasures+of+Sanctification\" target=\"_blank\" rel=\"noopener\"><\/a>\n<\/div><\/div>\n\n\n\n<div class=\"wp-block-cover is-light has-background-dark\" style=\"min-height:100px;aspect-ratio:unset;\"><img loading=\"lazy\" decoding=\"async\" width=\"1650\" height=\"666\" class=\"wp-block-cover__image-background wp-image-144424 size-large\" alt=\"\" src=\"https:\/\/bcc.no\/wp-content\/uploads\/2026\/02\/HIdden-treasures-ressurs-e1770196478972.png\" data-object-fit=\"cover\"\/><span aria-hidden=\"true\" class=\"wp-block-cover__background has-background-dim-0 has-background-dim\"><\/span><div class=\"wp-block-cover__inner-container is-layout-flow wp-block-cover-is-layout-flow\">\n<a href=\"https:\/\/hiddentreasures.org\/\" class=\"overlay-link plausible-event-name=Resources:+click+on+Hidden+Treasures\" target=\"_blank\" rel=\"noopener\"><\/a>\n<\/div><\/div>\n\n\n\n<div class=\"wp-block-cover is-light has-background-dark\" style=\"min-height:100px;aspect-ratio:unset;\"><img loading=\"lazy\" decoding=\"async\" width=\"1500\" height=\"1000\" class=\"wp-block-cover__image-background wp-image-95739\" alt=\"\" src=\"https:\/\/bcc.no\/wp-content\/uploads\/2024\/09\/Bible-Kids_BG_02.jpg\" data-object-fit=\"cover\"\/><span aria-hidden=\"true\" class=\"wp-block-cover__background has-background-dim-0 has-background-dim\"><\/span><div class=\"wp-block-cover__inner-container is-layout-flow wp-block-cover-is-layout-flow\">\n<a href=\"https:\/\/biblekids.io\/no\" class=\"overlay-link plausible-event-name=Resources:+click+on+Bible+Kids\" target=\"_blank\" rel=\"noopener\"><\/a>\n<\/div><\/div>\n\n\n\n<div class=\"wp-block-cover has-background-dark\" style=\"min-height:100px;aspect-ratio:unset;\"><img loading=\"lazy\" decoding=\"async\" width=\"1500\" height=\"1000\" class=\"wp-block-cover__image-background wp-image-95641\" alt=\"\" src=\"https:\/\/bcc.no\/wp-content\/uploads\/2024\/09\/Song-Treasures_BG_02.jpg\" data-object-fit=\"cover\"\/><span aria-hidden=\"true\" class=\"wp-block-cover__background has-background-dim-0 has-background-dim\"><\/span><div class=\"wp-block-cover__inner-container is-layout-flow wp-block-cover-is-layout-flow\">\n<a href=\"https:\/\/songtreasures.org\/\" class=\"overlay-link plausible-event-name=Resources:+click+on+Song+Treasures\" target=\"_blank\" rel=\"noopener\"><\/a>\n<\/div><\/div>\n\n\n\n<div class=\"wp-block-cover has-background-dark\" style=\"min-height:100px;aspect-ratio:unset;\"><img loading=\"lazy\" decoding=\"async\" width=\"479\" height=\"248\" class=\"wp-block-cover__image-background wp-image-144436 size-full\" alt=\"\" src=\"https:\/\/bcc.no\/wp-content\/uploads\/2026\/02\/hidden-treasures-music-expanded.png\" data-object-fit=\"cover\"\/><span aria-hidden=\"true\" class=\"wp-block-cover__background has-background-dim-0 has-background-dim\"><\/span><div class=\"wp-block-cover__inner-container is-layout-flow wp-block-cover-is-layout-flow\">\n<a href=\"https:\/\/www.youtube.com\/@HiddenTreasuresMusic\" class=\"overlay-link plausible-event-name=Resources:+click+on+Hidden+Treasures+Music\" target=\"_blank\" rel=\"noopener\"><\/a>\n<\/div><\/div>\n<\/div><\/div>\n<\/div><\/section>\n\n\n\n\n\n\n\n<section class=\"wp-block-group about-bcc\"><div class=\"wp-block-group__inner-container is-layout-constrained wp-block-group-is-layout-constrained\">\n<div class=\"wp-block-cover is-light\"><video class=\"wp-block-cover__video-background intrinsic-ignore\" autoplay muted loop playsinline src=\"https:\/\/bcc.no\/wp-content\/uploads\/2024\/10\/Reel_03.mp4\" data-object-fit=\"cover\"><\/video><span aria-hidden=\"true\" class=\"wp-block-cover__background has-background-dim-0 has-background-dim\" style=\"background-color:#FFF\"><\/span><div class=\"wp-block-cover__inner-container is-layout-constrained wp-block-cover-is-layout-constrained\">\n<p class=\"has-text-align-center has-large-font-size\"><\/p>\n<\/div><\/div>\n\n\n\n<div class=\"wp-block-group\"><div class=\"wp-block-group__inner-container is-layout-constrained wp-block-group-is-layout-constrained\">\n<h2 class=\"wp-block-heading has-pantone-neutral-black-color has-text-color has-link-color wp-elements-b4463b506fedd62840485e7201267e87\" id=\"22-samles-om-helliggj%C3%B8relse-\"><strong><strong>Heiligung als zentrales Anliegen<\/strong><\/strong><\/h2>\n\n\n\n<p class=\"has-pantone-neutral-black-color has-text-color has-link-color wp-elements-33690c9131ceb52652f00976a206dc88\">BCC ist eine internationale Glaubensgemeinschaft f\u00fcr alle, die in der Nachfolge Jesu Gemeinschaft haben wollen.<\/p>\n\n\n\n<p class=\"has-pantone-neutral-black-color has-text-color has-link-color wp-elements-d79824a535425773d2f9f9ef61a09225\">Hier findest du weitere Informationen \u00fcber unsere Geschichte, die 1898 in Norwegen begann, \u00fcber unseren Glauben und dar\u00fcber, warum wir uns regelm\u00e4\u00dfig zu christlichen Konferenzen versammeln.<\/p>\n\n\n\n<div class=\"wp-block-buttons is-vertical is-content-justification-left is-layout-flex wp-container-core-buttons-is-layout-adc7e0b5 wp-block-buttons-is-layout-flex\">\n<div class=\"wp-block-button is-style-banner-type-with-arrow\"><a class=\"wp-block-button__link wp-element-button arrow_right_alt\" href=\"https:\/\/bcc.no\/de\/ueber-uns\/\" rel=\"\">\u00dcber uns<\/a><\/div>\n\n\n\n<div class=\"wp-block-button is-style-banner-type-with-arrow\"><a class=\"wp-block-button__link wp-element-button arrow_right_alt\" href=\"https:\/\/bcc.no\/de\/unser-glaube\/\" rel=\"\">Unser Glaube<\/a><\/div>\n\n\n\n<div class=\"wp-block-button is-style-banner-type-with-arrow\"><a class=\"wp-block-button__link wp-element-button arrow_right_alt\" href=\"https:\/\/bcc.no\/de\/ueber-uns\/unsere-geschichte\/\" rel=\"\">Unsere Geschichte<\/a><\/div>\n\n\n\n<div class=\"wp-block-button is-style-banner-type-with-arrow\"><a class=\"wp-block-button__link wp-element-button arrow_right_alt\" href=\"https:\/\/bcc.no\/faq\/\" rel=\"\">H\u00e4ufig gestellte Fragen<\/a><\/div>\n<\/div>\n<\/div><\/div>\n<\/div><\/section>\n","protected":false},"excerpt":{"rendered":"<p>Brunstad Christian Church (BCC) ist eine Glaubensgemeinschaft, die ihren Ursprung in Norwegen hat und international verbreitet ist. Der Verbund besteht aus der Zentralorganisation, Teilorganisationen und Mitgliedsorganisationen.<\/p>\n","protected":false},"author":1,"featured_media":0,"parent":0,"menu_order":0,"comment_status":"closed","ping_status":"closed","template":"","meta":{"_acf_changed":false,"inline_featured_image":false,"_uag_custom_page_level_css":"","bcc_login_visibility":0,"bcc_groups":[],"bcc_groups_email":true,"bcc_visibility_groups":[],"bcc_visibility_groups_email":false,"sent_notifications":[],"footnotes":"","_links_to":"","_links_to_target":""},"class_list":["post-97423","page","type-page","status-publish","hentry"],"acf":{"rss_image":146476},"featured_image_src":null,"yoast_head":"<!-- This site is optimized with the Yoast SEO plugin v27.5 - https:\/\/yoast.com\/product\/yoast-seo-wordpress\/ -->\n<title>BCC - eine internationale Glaubensgemeinschaft<\/title>\n<meta name=\"description\" content=\"BCC ist eine christliche Glaubensgemeinschaft mit Ursprung in Norwegen und internationaler Verbreitung. Wer wir sind und woran wir glauben.\" \/>\n<meta name=\"robots\" content=\"index, follow, max-snippet:-1, max-image-preview:large, max-video-preview:-1\" \/>\n<link rel=\"canonical\" href=\"https:\/\/bcc.no\/de\/\" \/>\n<meta property=\"og:locale\" content=\"de_DE\" \/>\n<meta property=\"og:type\" content=\"article\" \/>\n<meta property=\"og:title\" content=\"BCC - eine internationale Glaubensgemeinschaft\" \/>\n<meta property=\"og:description\" content=\"BCC ist eine christliche Glaubensgemeinschaft mit Ursprung in Norwegen und internationaler Verbreitung. Wer wir sind und woran wir glauben.\" \/>\n<meta property=\"og:url\" content=\"https:\/\/bcc.no\/de\/\" \/>\n<meta property=\"og:site_name\" content=\"BCC\" \/>\n<meta property=\"article:modified_time\" content=\"2026-04-15T11:04:44+00:00\" \/>\n<meta property=\"og:image\" content=\"https:\/\/bcc.no\/wp-content\/uploads\/2024\/09\/map-section.jpg\" \/>\n\t<meta property=\"og:image:width\" content=\"1440\" \/>\n\t<meta property=\"og:image:height\" content=\"800\" \/>\n\t<meta property=\"og:image:type\" content=\"image\/jpeg\" \/>\n<meta name=\"twitter:card\" content=\"summary_large_image\" \/>\n<meta name=\"twitter:label1\" content=\"Gesch\u00e4tzte Lesezeit\" \/>\n\t<meta name=\"twitter:data1\" content=\"6\u00a0Minuten\" \/>\n<script type=\"application\/ld+json\" class=\"yoast-schema-graph\">{\"@context\":\"https:\\\/\\\/schema.org\",\"@graph\":[{\"@type\":\"WebPage\",\"@id\":\"https:\\\/\\\/bcc.no\\\/de\\\/\",\"url\":\"https:\\\/\\\/bcc.no\\\/de\\\/\",\"name\":\"BCC - eine internationale Glaubensgemeinschaft\",\"isPartOf\":{\"@id\":\"https:\\\/\\\/bcc.no\\\/de\\\/#website\"},\"primaryImageOfPage\":{\"@id\":\"https:\\\/\\\/bcc.no\\\/de\\\/#primaryimage\"},\"image\":{\"@id\":\"https:\\\/\\\/bcc.no\\\/de\\\/#primaryimage\"},\"thumbnailUrl\":\"https:\\\/\\\/bcc.no\\\/wp-content\\\/uploads\\\/2024\\\/09\\\/map-section.jpg\",\"datePublished\":\"2024-09-09T11:52:01+00:00\",\"dateModified\":\"2026-04-15T11:04:44+00:00\",\"description\":\"BCC ist eine christliche Glaubensgemeinschaft mit Ursprung in Norwegen und internationaler Verbreitung. Wer wir sind und woran wir glauben.\",\"breadcrumb\":{\"@id\":\"https:\\\/\\\/bcc.no\\\/de\\\/#breadcrumb\"},\"inLanguage\":\"de\",\"potentialAction\":[{\"@type\":\"ReadAction\",\"target\":[\"https:\\\/\\\/bcc.no\\\/de\\\/\"]}]},{\"@type\":\"ImageObject\",\"inLanguage\":\"de\",\"@id\":\"https:\\\/\\\/bcc.no\\\/de\\\/#primaryimage\",\"url\":\"https:\\\/\\\/bcc.no\\\/wp-content\\\/uploads\\\/2024\\\/09\\\/map-section.jpg\",\"contentUrl\":\"https:\\\/\\\/bcc.no\\\/wp-content\\\/uploads\\\/2024\\\/09\\\/map-section.jpg\"},{\"@type\":\"WebSite\",\"@id\":\"https:\\\/\\\/bcc.no\\\/de\\\/#website\",\"url\":\"https:\\\/\\\/bcc.no\\\/de\\\/\",\"name\":\"BCC\",\"description\":\"et internasjonalt trossamfunn\",\"publisher\":{\"@id\":\"https:\\\/\\\/bcc.no\\\/de\\\/#organization\"},\"potentialAction\":[{\"@type\":\"SearchAction\",\"target\":{\"@type\":\"EntryPoint\",\"urlTemplate\":\"https:\\\/\\\/bcc.no\\\/de\\\/?s={search_term_string}\"},\"query-input\":{\"@type\":\"PropertyValueSpecification\",\"valueRequired\":true,\"valueName\":\"search_term_string\"}}],\"inLanguage\":\"de\"},{\"@type\":\"Organization\",\"@id\":\"https:\\\/\\\/bcc.no\\\/de\\\/#organization\",\"name\":\"BCC\",\"url\":\"https:\\\/\\\/bcc.no\\\/de\\\/\",\"logo\":{\"@type\":\"ImageObject\",\"inLanguage\":\"de\",\"@id\":\"https:\\\/\\\/bcc.no\\\/de\\\/#\\\/schema\\\/logo\\\/image\\\/\",\"url\":\"https:\\\/\\\/bcc.no\\\/wp-content\\\/uploads\\\/2026\\\/04\\\/bcc_logo_full.svg\",\"contentUrl\":\"https:\\\/\\\/bcc.no\\\/wp-content\\\/uploads\\\/2026\\\/04\\\/bcc_logo_full.svg\",\"caption\":\"BCC\"},\"image\":{\"@id\":\"https:\\\/\\\/bcc.no\\\/de\\\/#\\\/schema\\\/logo\\\/image\\\/\"}}]}<\/script>\n<!-- \/ Yoast SEO plugin. -->","yoast_head_json":{"title":"BCC - eine internationale Glaubensgemeinschaft","description":"BCC ist eine christliche Glaubensgemeinschaft mit Ursprung in Norwegen und internationaler Verbreitung. Wer wir sind und woran wir glauben.","robots":{"index":"index","follow":"follow","max-snippet":"max-snippet:-1","max-image-preview":"max-image-preview:large","max-video-preview":"max-video-preview:-1"},"canonical":"https:\/\/bcc.no\/de\/","og_locale":"de_DE","og_type":"article","og_title":"BCC - eine internationale Glaubensgemeinschaft","og_description":"BCC ist eine christliche Glaubensgemeinschaft mit Ursprung in Norwegen und internationaler Verbreitung. Wer wir sind und woran wir glauben.","og_url":"https:\/\/bcc.no\/de\/","og_site_name":"BCC","article_modified_time":"2026-04-15T11:04:44+00:00","og_image":[{"width":1440,"height":800,"url":"https:\/\/bcc.no\/wp-content\/uploads\/2024\/09\/map-section.jpg","type":"image\/jpeg"}],"twitter_card":"summary_large_image","twitter_misc":{"Gesch\u00e4tzte Lesezeit":"6\u00a0Minuten"},"schema":{"@context":"https:\/\/schema.org","@graph":[{"@type":"WebPage","@id":"https:\/\/bcc.no\/de\/","url":"https:\/\/bcc.no\/de\/","name":"BCC - eine internationale Glaubensgemeinschaft","isPartOf":{"@id":"https:\/\/bcc.no\/de\/#website"},"primaryImageOfPage":{"@id":"https:\/\/bcc.no\/de\/#primaryimage"},"image":{"@id":"https:\/\/bcc.no\/de\/#primaryimage"},"thumbnailUrl":"https:\/\/bcc.no\/wp-content\/uploads\/2024\/09\/map-section.jpg","datePublished":"2024-09-09T11:52:01+00:00","dateModified":"2026-04-15T11:04:44+00:00","description":"BCC ist eine christliche Glaubensgemeinschaft mit Ursprung in Norwegen und internationaler Verbreitung. Wer wir sind und woran wir glauben.","breadcrumb":{"@id":"https:\/\/bcc.no\/de\/#breadcrumb"},"inLanguage":"de","potentialAction":[{"@type":"ReadAction","target":["https:\/\/bcc.no\/de\/"]}]},{"@type":"ImageObject","inLanguage":"de","@id":"https:\/\/bcc.no\/de\/#primaryimage","url":"https:\/\/bcc.no\/wp-content\/uploads\/2024\/09\/map-section.jpg","contentUrl":"https:\/\/bcc.no\/wp-content\/uploads\/2024\/09\/map-section.jpg"},{"@type":"WebSite","@id":"https:\/\/bcc.no\/de\/#website","url":"https:\/\/bcc.no\/de\/","name":"BCC","description":"et internasjonalt trossamfunn","publisher":{"@id":"https:\/\/bcc.no\/de\/#organization"},"potentialAction":[{"@type":"SearchAction","target":{"@type":"EntryPoint","urlTemplate":"https:\/\/bcc.no\/de\/?s={search_term_string}"},"query-input":{"@type":"PropertyValueSpecification","valueRequired":true,"valueName":"search_term_string"}}],"inLanguage":"de"},{"@type":"Organization","@id":"https:\/\/bcc.no\/de\/#organization","name":"BCC","url":"https:\/\/bcc.no\/de\/","logo":{"@type":"ImageObject","inLanguage":"de","@id":"https:\/\/bcc.no\/de\/#\/schema\/logo\/image\/","url":"https:\/\/bcc.no\/wp-content\/uploads\/2026\/04\/bcc_logo_full.svg","contentUrl":"https:\/\/bcc.no\/wp-content\/uploads\/2026\/04\/bcc_logo_full.svg","caption":"BCC"},"image":{"@id":"https:\/\/bcc.no\/de\/#\/schema\/logo\/image\/"}}]}},"uagb_featured_image_src":{"full":false,"thumbnail":false,"medium":false,"medium_large":false,"large":false,"1536x1536":false,"2048x2048":false},"uagb_author_info":{"display_name":"admin","author_link":"https:\/\/bcc.no\/de\/author\/admin\/"},"uagb_comment_info":0,"uagb_excerpt":"Brunstad Christian Church (BCC) ist eine Glaubensgemeinschaft, die ihren Ursprung in Norwegen hat und international verbreitet ist. Der Verbund besteht aus der Zentralorganisation, Teilorganisationen und Mitgliedsorganisationen.","_links":{"self":[{"href":"https:\/\/bcc.no\/de\/wp-json\/wp\/v2\/pages\/97423","targetHints":{"allow":["GET"]}}],"collection":[{"href":"https:\/\/bcc.no\/de\/wp-json\/wp\/v2\/pages"}],"about":[{"href":"https:\/\/bcc.no\/de\/wp-json\/wp\/v2\/types\/page"}],"author":[{"embeddable":true,"href":"https:\/\/bcc.no\/de\/wp-json\/wp\/v2\/users\/1"}],"replies":[{"embeddable":true,"href":"https:\/\/bcc.no\/de\/wp-json\/wp\/v2\/comments?post=97423"}],"version-history":[{"count":39,"href":"https:\/\/bcc.no\/de\/wp-json\/wp\/v2\/pages\/97423\/revisions"}],"predecessor-version":[{"id":147145,"href":"https:\/\/bcc.no\/de\/wp-json\/wp\/v2\/pages\/97423\/revisions\/147145"}],"wp:attachment":[{"href":"https:\/\/bcc.no\/de\/wp-json\/wp\/v2\/media?parent=97423"}],"curies":[{"name":"wp","href":"https:\/\/api.w.org\/{rel}","templated":true}]}}